{"id":115,"date":"2017-09-17T08:05:26","date_gmt":"2017-09-17T08:05:26","guid":{"rendered":"https:\/\/xstore.8theme.com\/demos\/typography\/?page_id=115"},"modified":"2024-05-24T01:15:32","modified_gmt":"2024-05-24T01:15:32","slug":"home","status":"publish","type":"page","link":"https:\/\/residencialasvioletas.cl\/","title":{"rendered":"Residencia Las Violetas"},"content":{"rendered":"<div class=\"wpb-content-wrapper\"><p>[vc_row css=&#8221;.vc_custom_1716418834025{margin-bottom: 4vw !important;}&#8221; el_id=&#8221;inicio&#8221; _et_uniqid=&#8221;et_custom_uniqid_new_664e78f7d8478&#8243;][vc_column]\n\t\t\t<!-- START homeslider REVOLUTION SLIDER 6.7.34 --><p class=\"rs-p-wp-fix\"><\/p>\n\t\t\t<rs-module-wrap id=\"rev_slider_1_1_wrapper\" data-source=\"gallery\" style=\"visibility:hidden;background:transparent;padding:0;margin:0px auto;margin-top:0;margin-bottom:0;\">\n\t\t\t\t<rs-module id=\"rev_slider_1_1\" style=\"\" data-version=\"6.7.34\">\n\t\t\t\t\t<rs-slides style=\"overflow: hidden; position: absolute;\">\n\t\t\t\t\t\t<rs-slide style=\"position: absolute;\" data-key=\"rs-1\" data-title=\"01\" data-in=\"o:0;\" data-out=\"a:false;\">\n\t\t\t\t\t\t\t<img decoding=\"async\" src=\"\/\/residencialasvioletas.cl\/wp-content\/plugins\/revslider\/sr6\/assets\/assets\/dummy.png\" alt=\"\" title=\"PHOTO-2024-01-21-23-18-21_1\" width=\"1600\" height=\"1200\" class=\"rev-slidebg tp-rs-img rs-lazyload\" data-lazyload=\"\/\/residencialasvioletas.cl\/wp-content\/uploads\/2024\/05\/PHOTO-2024-01-21-23-18-21_1.jpg\" data-no-retina>\n<!--\n\t\t\t\t\t\t\t--><rs-layer\n\t\t\t\t\t\t\t\tid=\"slider-1-slide-1-layer-0\" \n\t\t\t\t\t\t\t\tdata-type=\"shape\"\n\t\t\t\t\t\t\t\tdata-rsp_ch=\"on\"\n\t\t\t\t\t\t\t\tdata-xy=\"xo:45px,42px,18px,16px;yo:282px,264px,119px,99px;\"\n\t\t\t\t\t\t\t\tdata-text=\"w:normal;\"\n\t\t\t\t\t\t\t\tdata-dim=\"w:895,838,378,454;h:232,217,97,211px;\"\n\t\t\t\t\t\t\t\tdata-frame_999=\"o:0;st:w;\"\n\t\t\t\t\t\t\t\tstyle=\"z-index:6;background-color:rgba(20,0,48,0.41);\"\n\t\t\t\t\t\t\t> \n\t\t\t\t\t\t\t<\/rs-layer><!--\n\n\t\t\t\t\t\t\t--><rs-layer\n\t\t\t\t\t\t\t\tid=\"slider-1-slide-1-layer-6\" \n\t\t\t\t\t\t\t\tdata-type=\"text\"\n\t\t\t\t\t\t\t\tdata-color=\"#efefef||#efefef||#1c1a1a||#fff4f4\"\n\t\t\t\t\t\t\t\tdata-rsp_ch=\"on\"\n\t\t\t\t\t\t\t\tdata-xy=\"x:c;xo:-417px,61px,0,4px;yo:293px,57px,403px,132px;\"\n\t\t\t\t\t\t\t\tdata-text=\"w:normal,normal,nowrap,normal;s:89,89,55,40;l:102,102,80,80;ls:1,1,1px,1px;a:inherit,inherit,inherit,center;\"\n\t\t\t\t\t\t\t\tdata-dim=\"w:867,867,auto,420px;h:305,305,auto,auto;\"\n\t\t\t\t\t\t\t\tdata-basealign=\"slide\"\n\t\t\t\t\t\t\t\tdata-frame_0=\"sX:0.8;sY:0.8;\"\n\t\t\t\t\t\t\t\tdata-frame_1=\"e:power4.out;sp:2480;sR:10;\"\n\t\t\t\t\t\t\t\tdata-frame_999=\"o:0;st:w;sp:350;sR:6510;\"\n\t\t\t\t\t\t\t\tstyle=\"z-index:8;font-family:'Advent Pro';\"\n\t\t\t\t\t\t\t>RESIDENCIA DEL ADULTO MAYOR LAS VIOLETAS \n\t\t\t\t\t\t\t<\/rs-layer><!--\n\n\t\t\t\t\t\t\t--><rs-layer\n\t\t\t\t\t\t\t\tid=\"slider-1-slide-1-layer-7\" \n\t\t\t\t\t\t\t\tclass=\"shadow-btn rev-btn\"\n\t\t\t\t\t\t\t\tdata-type=\"button\"\n\t\t\t\t\t\t\t\tdata-color=\"rgba(255,255,255,1)\"\n\t\t\t\t\t\t\t\tdata-xy=\"x:c;xo:-693px,-99px,1px,6px;y:m;yo:141px,-110px,43px,29px;\"\n\t\t\t\t\t\t\t\tdata-text=\"s:24,14,14,29;l:24,14,14,29;ls:3,2px,2px,4px;fw:800;a:center;\"\n\t\t\t\t\t\t\t\tdata-basealign=\"slide\"\n\t\t\t\t\t\t\t\tdata-rsp_bd=\"off\"\n\t\t\t\t\t\t\t\tdata-padding=\"t:31,18,18,38;r:48,28,28,59;b:31,18,18,38;l:48,28,28,59;\"\n\t\t\t\t\t\t\t\tdata-frame_1=\"e:power2.inOut;sp:1200;\"\n\t\t\t\t\t\t\t\tdata-frame_999=\"o:0;st:w;sp:350;sR:7800;\"\n\t\t\t\t\t\t\t\tdata-frame_hover=\"bgc:#1c1a1a;boc:#000;bor:0px,0px,0px,0px;bos:solid;oX:50;oY:50;sp:0;e:none;\"\n\t\t\t\t\t\t\t\tstyle=\"z-index:7;background-color:#29284b;font-family:'Open Sans';text-transform:uppercase;cursor:pointer;outline:none;box-shadow:none;box-sizing:border-box;-moz-box-sizing:border-box;-webkit-box-sizing:border-box;\"\n\t\t\t\t\t\t\t>Cont\u00e1ctanos \n\t\t\t\t\t\t\t<\/rs-layer><!--\n-->\t\t\t\t\t<\/rs-slide>\n\t\t\t\t\t<\/rs-slides>\n\t\t\t\t<\/rs-module>\n\t\t\t\t<script>\n\t\t\t\t\tsetREVStartSize({c: 'rev_slider_1_1',rl:[1240,1024,778,480],el:[868,768,960,720],gw:[1840,1724,778,480],gh:[868,768,960,720],type:'standard',justify:'',layout:'fullwidth',mh:\"0\"});if (window.RS_MODULES!==undefined && window.RS_MODULES.modules!==undefined && window.RS_MODULES.modules[\"revslider11\"]!==undefined) {window.RS_MODULES.modules[\"revslider11\"].once = false;window.revapi1 = undefined;if (window.RS_MODULES.checkMinimal!==undefined) window.RS_MODULES.checkMinimal()}\n\t\t\t\t<\/script>\n\t\t\t<\/rs-module-wrap>\n\t\t\t<!-- END REVOLUTION SLIDER -->\n[\/vc_column][\/vc_row][vc_row content_placement=&#8221;middle&#8221; css=&#8221;.vc_custom_1716418845047{margin-bottom: 5vw !important;padding-bottom: 20px !important;}&#8221; el_id=&#8221;residencia&#8221; el_class=&#8221;section-services&#8221; _et_uniqid=&#8221;et_custom_uniqid_new_664e7915ad3e7&#8243;][vc_column css_animation=&#8221;none&#8221; width=&#8221;1\/2&#8243;][vc_single_image image=&#8221;136&#8243; img_size=&#8221;full&#8221; css=&#8221;.vc_custom_1506318639160{margin-bottom: 0px !important;margin-left: -45px !important;}&#8221; el_class=&#8221;img_fot-title&#8221;][vc_custom_heading text=&#8221;Residencia Las violetas&#8221; font_container=&#8221;tag:h4|font_size:60px|text_align:left|color:%231c1a1a|line_height:70px&#8221; use_theme_fonts=&#8221;yes&#8221; el_class=&#8221;head-after&#8221; css=&#8221;.vc_custom_1716416354858{margin-bottom: 50px !important;}&#8221;][vc_row_inner][vc_column_inner][\/vc_column_inner][\/vc_row_inner][vc_column_text]<\/p>\n<h2 style=\"text-align: center;\"><strong>*Precios sujetos a evaluaci\u00f3n m\u00e9dica que establece el nivel de dependencia del residente.<\/strong><\/h2>\n<p>[\/vc_column_text][vc_column_text]<\/p>\n<p style=\"text-align: center;\">Ubicada en Carampangue &#8211; Isla de Maipo, un lugar tranquilo y seguro, nuestra residencia para personas mayores brinda a los adultos mayores un ambiente grato para vivir, en donde pueden interactuar entre sus pares, promoviendo constantemente su bienestar e independencia<\/p>\n<p>[\/vc_column_text][\/vc_column][vc_column css_animation=&#8221;none&#8221; width=&#8221;1\/2&#8243; el_class=&#8221;block-left_img&#8221;][vc_single_image image=&#8221;545&#8243; img_size=&#8221;full&#8221;][\/vc_column][\/vc_row][vc_row content_placement=&#8221;middle&#8221; css=&#8221;.vc_custom_1716418860718{margin-bottom: 5vw !important;padding-bottom: 20px !important;}&#8221; el_id=&#8221;nosotros&#8221; el_class=&#8221;section-about-us&#8221; _et_uniqid=&#8221;et_custom_uniqid_new_664e79210120c&#8221;][vc_column css_animation=&#8221;fadeInLeft&#8221; width=&#8221;1\/2&#8243;][vc_single_image image=&#8221;547&#8243; img_size=&#8221;full&#8221; alignment=&#8221;right&#8221;][\/vc_column][vc_column css_animation=&#8221;fadeInRight&#8221; width=&#8221;1\/2&#8243; _et_uniqid=&#8221;et_custom_uniqid_new_664e943e67113&#8243; css=&#8221;.vc_custom_1716425812661{margin-left: 10px !important;}&#8221;][vc_single_image image=&#8221;136&#8243; img_size=&#8221;full&#8221; css=&#8221;.vc_custom_1506319177816{margin-bottom: 0px !important;margin-left: -45px !important;}&#8221; el_class=&#8221;img_fot-title-2&#8243;][vc_custom_heading text=&#8221;En Las Violetas encontrar\u00e1s:&#8221; font_container=&#8221;tag:h4|font_size:60px|text_align:left|color:%231c1a1a|line_height:70px&#8221; use_theme_fonts=&#8221;yes&#8221; el_class=&#8221;head-after&#8221; css=&#8221;.vc_custom_1716416454283{margin-bottom: 20px !important;}&#8221;]<div id=\"mpc_icon_list-2069eeb82bd4ea5\" class=\"mpc-icon-list mpc-init mpc-icon--left \"><ul class=\"mpc-list__ul\"><li class=\"mpc-list__item mpc-parent-hover mpc-transition\" data-index=\"0\"><div class=\"mpc-list__icon\"><div data-id=\"mpc_icon-8569eeb82bd4f09\" class=\"mpc-icon mpc-init mpc-transition mpc-effect-none mpc-icon-hover \"><div class=\"mpc-icon-wrap\"><i class=\"mpc-icon-part mpc-regular mpc-transition  fa fa-stop\"><\/i><i class=\"mpc-icon-part mpc-hover mpc-transition  fa fa-stop\"><\/i><\/div><\/div><\/div><span class=\"mpc-list__title\">Actividades diarias que promueven el envejecimiento activo y positivo.<\/span><\/li><li class=\"mpc-list__item mpc-parent-hover mpc-transition\" data-index=\"1\"><div class=\"mpc-list__icon\"><div data-id=\"mpc_icon-8569eeb82bd4f09\" class=\"mpc-icon mpc-init mpc-transition mpc-effect-none mpc-icon-hover \"><div class=\"mpc-icon-wrap\"><i class=\"mpc-icon-part mpc-regular mpc-transition  fa fa-stop\"><\/i><i class=\"mpc-icon-part mpc-hover mpc-transition  fa fa-stop\"><\/i><\/div><\/div><\/div><span class=\"mpc-list__title\">Precioso y gran jard\u00edn y \u00e1reas verdes para pasear.\n<\/span><\/li><li class=\"mpc-list__item mpc-parent-hover mpc-transition\" data-index=\"2\"><div class=\"mpc-list__icon\"><div data-id=\"mpc_icon-8569eeb82bd4f09\" class=\"mpc-icon mpc-init mpc-transition mpc-effect-none mpc-icon-hover \"><div class=\"mpc-icon-wrap\"><i class=\"mpc-icon-part mpc-regular mpc-transition  fa fa-stop\"><\/i><i class=\"mpc-icon-part mpc-hover mpc-transition  fa fa-stop\"><\/i><\/div><\/div><\/div><span class=\"mpc-list__title\">acogedora casa campestre totalmente equipada, muy acogedor ideal para recibir visitas de amigos y de la familia.\n<\/span><\/li><li class=\"mpc-list__item mpc-parent-hover mpc-transition\" data-index=\"3\"><div class=\"mpc-list__icon\"><div data-id=\"mpc_icon-8569eeb82bd4f09\" class=\"mpc-icon mpc-init mpc-transition mpc-effect-none mpc-icon-hover \"><div class=\"mpc-icon-wrap\"><i class=\"mpc-icon-part mpc-regular mpc-transition  fa fa-stop\"><\/i><i class=\"mpc-icon-part mpc-hover mpc-transition  fa fa-stop\"><\/i><\/div><\/div><\/div><span class=\"mpc-list__title\">Control de acceso las 24 horas.\n<\/span><\/li><\/ul><\/div>[\/vc_column][\/vc_row][vc_row el_id=&#8221;instalaciones&#8221; _et_uniqid=&#8221;et_custom_uniqid_new_664e7931e9673&#8243;][vc_column][vc_single_image image=&#8221;136&#8243; img_size=&#8221;full&#8221; css=&#8221;.vc_custom_1506318711907{margin-bottom: 0px !important;margin-left: -45px !important;}&#8221; el_class=&#8221;img_fot-title&#8221;][vc_custom_heading text=&#8221;Nuestras Instalaciones.&#8221; font_container=&#8221;tag:h4|font_size:60px|text_align:left|color:%231c1a1a|line_height:70px&#8221; use_theme_fonts=&#8221;yes&#8221; el_class=&#8221;head-after&#8221; css=&#8221;.vc_custom_1716416806383{margin-bottom: 30px !important;}&#8221;][\/vc_column][\/vc_row][vc_row css=&#8221;.vc_custom_1505813034153{margin-bottom: 5vw !important;padding-bottom: 30px !important;}&#8221;][vc_column css_animation=&#8221;fadeIn&#8221;][vc_images_carousel images=&#8221;544,543,547,548,549,556,557,567,569,576,581,584&#8243; img_size=&#8221;medium&#8221; slides_per_view=&#8221;5&#8243; autoplay=&#8221;yes&#8221; wrap=&#8221;yes&#8221;][\/vc_column][\/vc_row][vc_row content_placement=&#8221;middle&#8221; css=&#8221;.vc_custom_1716418941296{margin-bottom: 6vw !important;padding-bottom: 80px !important;}&#8221; el_id=&#8221;servicios&#8221; el_class=&#8221;section-team&#8221; _et_uniqid=&#8221;et_custom_uniqid_new_664e79751db4f&#8221;][vc_column][vc_single_image image=&#8221;136&#8243; img_size=&#8221;full&#8221; css=&#8221;.vc_custom_1506318773603{margin-bottom: 0px !important;margin-left: -45px !important;}&#8221; el_class=&#8221;img_fot-title&#8221;][vc_custom_heading text=&#8221;NUESTROS SERVICIOS PARA MAYORES&#8221; font_container=&#8221;tag:h4|font_size:60px|text_align:left|color:%231c1a1a|line_height:70px&#8221; use_theme_fonts=&#8221;yes&#8221; el_class=&#8221;head-after&#8221; css=&#8221;.vc_custom_1716417366794{margin-bottom: 55px !important;}&#8221;][vc_row_inner][vc_column_inner width=&#8221;1\/3&#8243;][vc_single_image image=&#8221;544&#8243; img_size=&#8221;500&#215;500&#8243; alignment=&#8221;center&#8221; css=&#8221;.vc_custom_1716513192768{margin-bottom: 30px !important;}&#8221; el_class=&#8221;hover-bg&#8221;][vc_custom_heading text=&#8221;Larga Estadia&#8221; font_container=&#8221;tag:p|font_size:16px|text_align:center|color:%231c1a1a|line_height:16px&#8221; google_fonts=&#8221;font_family:Open%20Sans%3A300%2C300italic%2Cregular%2Citalic%2C600%2C600italic%2C700%2C700italic%2C800%2C800italic|font_style:600%20bold%20regular%3A600%3Anormal&#8221; css=&#8221;.vc_custom_1716417282775{margin-bottom: 10px !important;}&#8221;][vc_custom_heading text=&#8221;Estad\u00eda para mayores que requieren cuidados continuos y permanentes. Pensada para vivir esta nueva etapa de sus vidas en nuestras residencias y sentirse como en casa.&#8221; font_container=&#8221;tag:p|font_size:16px|text_align:center|color:%23959696|line_height:16px&#8221; google_fonts=&#8221;font_family:Open%20Sans%3A300%2C300italic%2Cregular%2Citalic%2C600%2C600italic%2C700%2C700italic%2C800%2C800italic|font_style:400%20regular%3A400%3Anormal&#8221;][\/vc_column_inner][vc_column_inner width=&#8221;1\/3&#8243;][vc_single_image image=&#8221;598&#8243; img_size=&#8221;500&#215;500&#8243; alignment=&#8221;center&#8221; css=&#8221;.vc_custom_1716417239220{margin-bottom: 30px !important;}&#8221; el_class=&#8221;hover-bg&#8221;][vc_custom_heading text=&#8221;Corta Estad\u00eda&#8221; font_container=&#8221;tag:p|font_size:16px|text_align:center|color:%231c1a1a|line_height:16px&#8221; google_fonts=&#8221;font_family:Open%20Sans%3A300%2C300italic%2Cregular%2Citalic%2C600%2C600italic%2C700%2C700italic%2C800%2C800italic|font_style:600%20bold%20regular%3A600%3Anormal&#8221; css=&#8221;.vc_custom_1716417317439{margin-bottom: 10px !important;}&#8221;][vc_custom_heading text=&#8221;Estad\u00eda para personas mayores que requieren cuidados temporales tales como; rehabilitaci\u00f3n o cuidado post operatorio, para lo cual contamos con habitaciones especialmente acondicionadas seg\u00fan su condici\u00f3n de salud.&#8221; font_container=&#8221;tag:p|font_size:16px|text_align:center|color:%23959696|line_height:16px&#8221; google_fonts=&#8221;font_family:Open%20Sans%3A300%2C300italic%2Cregular%2Citalic%2C600%2C600italic%2C700%2C700italic%2C800%2C800italic|font_style:400%20regular%3A400%3Anormal&#8221;][\/vc_column_inner][vc_column_inner width=&#8221;1\/3&#8243;][vc_single_image image=&#8221;548&#8243; img_size=&#8221;500&#215;500&#8243; alignment=&#8221;center&#8221; css=&#8221;.vc_custom_1716513311229{margin-bottom: 30px !important;}&#8221; el_class=&#8221;hover-bg&#8221;][vc_custom_heading text=&#8221;ATENCI\u00d3N POR D\u00cdA&#8221; font_container=&#8221;tag:p|font_size:16px|text_align:center|color:%231c1a1a|line_height:16px&#8221; google_fonts=&#8221;font_family:Open%20Sans%3A300%2C300italic%2Cregular%2Citalic%2C600%2C600italic%2C700%2C700italic%2C800%2C800italic|font_style:600%20bold%20regular%3A600%3Anormal&#8221; css=&#8221;.vc_custom_1716417355203{margin-bottom: 10px !important;}&#8221;][vc_custom_heading text=&#8221;Las personas mayores pueden asistir durante el d\u00eda a cualquiera de nuestras residencias, en donde reciben atenci\u00f3n, alimentaci\u00f3n, socializan, participan de las diversas actividades y luego vuelven a sus casas. Horarios flexibles.&#8221; font_container=&#8221;tag:p|font_size:16px|text_align:center|color:%23959696|line_height:16px&#8221; google_fonts=&#8221;font_family:Open%20Sans%3A300%2C300italic%2Cregular%2Citalic%2C600%2C600italic%2C700%2C700italic%2C800%2C800italic|font_style:400%20regular%3A400%3Anormal&#8221;][\/vc_column_inner][\/vc_row_inner][\/vc_column][\/vc_row][vc_row css=&#8221;.vc_custom_1716418981992{margin-bottom: 60px !important;}&#8221; el_class=&#8221;contact-information&#8221; el_id=&#8221;contacto&#8221; _et_uniqid=&#8221;et_custom_uniqid_new_664e79a041e97&#8243;][vc_column css_animation=&#8221;fadeInLeft&#8221; width=&#8221;1\/3&#8243;][vc_single_image image=&#8221;227&#8243; alignment=&#8221;center&#8221; css=&#8221;.vc_custom_1627626234684{margin-bottom: 30px !important;}&#8221;][vc_custom_heading text=&#8221;Ubicaci\u00f3n:&#8221; font_container=&#8221;tag:p|font_size:22px|text_align:center|color:%231c1a1a|line_height:25px&#8221; google_fonts=&#8221;font_family:Open%20Sans%3A300%2C300italic%2Cregular%2Citalic%2C600%2C600italic%2C700%2C700italic%2C800%2C800italic|font_style:600%20bold%20regular%3A600%3Anormal&#8221; css=&#8221;.vc_custom_1716420468571{margin-bottom: 10px !important;}&#8221;][vc_custom_heading text=&#8221;Carampangue &#8211; Isla de Maipo&#8221; font_container=&#8221;tag:p|font_size:16px|text_align:center|color:%23959696|line_height:25px&#8221; google_fonts=&#8221;font_family:Open%20Sans%3A300%2C300italic%2Cregular%2Citalic%2C600%2C600italic%2C700%2C700italic%2C800%2C800italic|font_style:400%20regular%3A400%3Anormal&#8221; css=&#8221;.vc_custom_1716420476356{margin-bottom: 10px !important;}&#8221;][\/vc_column][vc_column css_animation=&#8221;fadeIn&#8221; width=&#8221;1\/3&#8243;][vc_single_image image=&#8221;228&#8243; alignment=&#8221;center&#8221; css=&#8221;.vc_custom_1627626230280{margin-bottom: 30px !important;padding-top: 9px !important;}&#8221;][vc_custom_heading text=&#8221;Correo:&#8221; font_container=&#8221;tag:p|font_size:22px|text_align:center|color:%231c1a1a|line_height:25px&#8221; google_fonts=&#8221;font_family:Open%20Sans%3A300%2C300italic%2Cregular%2Citalic%2C600%2C600italic%2C700%2C700italic%2C800%2C800italic|font_style:600%20bold%20regular%3A600%3Anormal&#8221; css=&#8221;.vc_custom_1716420488030{margin-bottom: 10px !important;}&#8221;][vc_custom_heading text=&#8221;contacto@residencialasvioletas.cl&#8221; font_container=&#8221;tag:p|font_size:16px|text_align:center|color:%23959696|line_height:25px&#8221; google_fonts=&#8221;font_family:Open%20Sans%3A300%2C300italic%2Cregular%2Citalic%2C600%2C600italic%2C700%2C700italic%2C800%2C800italic|font_style:400%20regular%3A400%3Anormal&#8221; css=&#8221;.vc_custom_1716420505464{margin-bottom: 10px !important;}&#8221;][\/vc_column][vc_column css_animation=&#8221;fadeInRight&#8221; width=&#8221;1\/3&#8243;][vc_single_image image=&#8221;229&#8243; alignment=&#8221;center&#8221;][vc_custom_heading text=&#8221;Tel\u00e9fono:&#8221; font_container=&#8221;tag:p|font_size:22px|text_align:center|color:%231c1a1a|line_height:25px&#8221; google_fonts=&#8221;font_family:Open%20Sans%3A300%2C300italic%2Cregular%2Citalic%2C600%2C600italic%2C700%2C700italic%2C800%2C800italic|font_style:600%20bold%20regular%3A600%3Anormal&#8221; css=&#8221;.vc_custom_1716420517238{margin-bottom: 10px !important;}&#8221;][vc_custom_heading text=&#8221;+56958645568&#8243; font_container=&#8221;tag:p|font_size:16px|text_align:center|color:%23959696|line_height:25px&#8221; google_fonts=&#8221;font_family:Open%20Sans%3A300%2C300italic%2Cregular%2Citalic%2C600%2C600italic%2C700%2C700italic%2C800%2C800italic|font_style:400%20regular%3A400%3Anormal&#8221; css=&#8221;.vc_custom_1716420538257{margin-bottom: 10px !important;}&#8221;][\/vc_column][\/vc_row][vc_row][vc_column]\n            <div \n                class=\"elfsight-widget-contact-form elfsight-widget\" \n                data-elfsight-contact-form-options=\"%7B%22ei%22%3A%22%22%2C%22fields%22%3A%5B%7B%22type%22%3A%22text%22%2C%22placeholder%22%3A%22Ingresa%20tu%20nombre%22%2C%22description%22%3A%22%22%2C%22label%22%3A%22Tu%20Nombre%22%2C%22required%22%3Atrue%2C%22columnWidth%22%3A50%2C%22id%22%3A%22%5Btu-nombre%5D%22%7D%2C%7B%22type%22%3A%22text%22%2C%22placeholder%22%3A%22Ingresa%20tu%20Apellido%22%2C%22description%22%3A%22%22%2C%22label%22%3A%22Tu%20Apellido%22%2C%22required%22%3Atrue%2C%22columnWidth%22%3A50%2C%22id%22%3A%22%5Btu-apellido%5D%22%7D%2C%7B%22type%22%3A%22email%22%2C%22label%22%3A%22Tu%20correo%22%2C%22description%22%3A%22%22%2C%22placeholder%22%3A%22contacto%40residencialasvioletas.cl%22%2C%22required%22%3Atrue%2C%22columnWidth%22%3A50%2C%22id%22%3A%22%5Btu-correo%5D%22%7D%2C%7B%22type%22%3A%22phone%22%2C%22label%22%3A%22Tu%20Telefono%22%2C%22placeholder%22%3A%22%2B569-77769807%22%2C%22description%22%3A%22%22%2C%22required%22%3Atrue%2C%22columnWidth%22%3A50%2C%22id%22%3A%22%5Btu-telefono%5D%22%7D%2C%7B%22type%22%3A%22dropdown%22%2C%22label%22%3A%22Motivo%22%2C%22name%22%3A%22%22%2C%22placeholder%22%3A%22Selecciona%20un%20motivo.%22%2C%22options%22%3A%22Informaci%5Cu00f3n%20sobre%20valores%2C%20servicios%20o%20cotizar%5CnFelicitaciones%20o%20sugerencias%5CnCoordinar%20visita%20a%20residencia%5CnPor%20trabajo%22%2C%22scaleNumbersMin%22%3A1%2C%22scaleNumbersMax%22%3A10%2C%22leftCaption%22%3A%22Not%20likely%22%2C%22rightCaption%22%3A%22Very%20likely%22%2C%22fileLinkCaption%22%3A%22Choose%20file%22%2C%22fileDragCaption%22%3A%22or%20drag%20%26%20drop%20here%22%2C%22text%22%3A%22Text%22%2C%22title%22%3A%22Heading%22%2C%22caption%22%3A%22%22%2C%22value%22%3A%22%22%2C%22labelText%22%3A%22Label%22%2C%22dateTime%22%3A%22date%22%2C%22dateFormat%22%3A%22d.m.Y%22%2C%22timeFormat%22%3A%22H%3Ai%22%2C%22starsCount%22%3A5%2C%22required%22%3Atrue%2C%22description%22%3A%22%22%2C%22columnWidth%22%3A100%2C%22elementColumnWidth%22%3A100%2C%22fileAllowedAll%22%3Atrue%2C%22fileAllowed%22%3A%5B%22.jpg%22%2C%22.jpeg%22%2C%22.png%22%2C%22.gif%22%2C%22.txt%22%2C%22.pdf%22%2C%22.doc%22%2C%22.docx%22%2C%22.pages%22%2C%22.numbers%22%2C%22.xls%22%2C%22.xlsx%22%2C%22.odt%22%2C%22.ppt%22%2C%22.pptx%22%2C%22.pps%22%2C%22.ppsx%22%2C%22.html%22%5D%2C%22fileMax%22%3A25%2C%22fields%22%3A%22%22%2C%22id%22%3A%22%5Bmotivo%5D%22%7D%2C%7B%22type%22%3A%22textarea%22%2C%22label%22%3A%22Mensaje%22%2C%22description%22%3A%22%22%2C%22placeholder%22%3A%22Ingresa%20tu%20duda%20o%20consulta%22%2C%22required%22%3Atrue%2C%22columnWidth%22%3A100%2C%22id%22%3A%22%5Bmensaje%5D%22%7D%5D%2C%22headerActive%22%3Atrue%2C%22headerTitle%22%3A%22Contactanos%22%2C%22headerText%22%3A%22Si%20tienes%20alguna%20consulta%2C%20d%5Cu00e9janos%20tus%20datos%20en%20el%20formulario%20y%20te%20responderemos%20lo%20antes%20posible%22%2C%22headerPictureUrl%22%3A%22message%22%2C%22footerText%22%3A%22%22%2C%22actionAfterSubmit%22%3A%22message%22%2C%22successMessage%22%3A%22Your%20message%20was%20successfully%20sent%21%20We%20will%20reply%20to%20you%20shortly.%22%2C%22successContinueText%22%3A%22OK%22%2C%22redirectUrl%22%3A%22https%3A%5C%2F%5C%2Fexample.com%22%2C%22submitText%22%3A%22Enviar%22%2C%22stepsMessagesDivider%22%3Anull%2C%22stepsMessagesTitle%22%3Anull%2C%22stepsText%22%3A%22step%20%251%20of%20%252%22%2C%22stepBackText%22%3A%22Back%22%2C%22stepNextText%22%3A%22Next%22%2C%22errorMessageAllRequired%22%3A%22Please%2C%20fill%20all%20the%20required%20fields%22%2C%22errorMessageAllIncorrect%22%3A%22Please%2C%20fill%20all%20the%20fields%20correctly%22%2C%22errorMessageSetMailTo%22%3A%22Please%2C%20set%20the%20email%20to%20send%20messages%20to%22%2C%22errorMessageRequiredCaptcha%22%3A%22Please%2C%20enter%20the%20captcha%22%2C%22errorMessageFileSizeLimit%22%3A%22File%20size%20limit%20exceeded%22%2C%22errorMessageFileNotAllowed%22%3A%22File%20extension%20not%20allowed%22%2C%22errorMessageUnknown%22%3A%22Unknown%20error%22%2C%22errorMessageRequired%22%3A%22Required%20field%22%2C%22errorMessageInvalid%22%3A%22Invalid%22%2C%22errorMessageInvalidEmail%22%3A%22Invalid%20email%22%2C%22errorMessageInvalidPhone%22%3A%22Invalid%20phone%20number%22%2C%22errorMessageInvalidUrl%22%3A%22Invalid%20URL%22%2C%22calendarWeekdaysShorthand%22%3A%22Sun%5CnMon%5CnTue%5CnWed%5CnThu%5CnFri%5CnSat%22%2C%22calendarMonthsLonghand%22%3A%22January%5CnFebruary%5CnMarch%5CnApril%5CnMay%5CnJune%5CnJuly%5CnAugust%5CnSeptember%5CnOctober%5CnNovember%5CnDecember%22%2C%22showProgress%22%3Atrue%2C%22recaptchaType%22%3A%22invisible%22%2C%22integrationsGoogleToken%22%3A%22%22%2C%22integrationsGoogleSheetId%22%3A%22%22%2C%22layout%22%3A%22default%22%2C%22floatingIcon%22%3A%22message%22%2C%22floatingText%22%3A%22%22%2C%22floatingPosition%22%3A%22right%22%2C%22width%22%3A%22580%22%2C%22style%22%3A%22classic-rounded%22%2C%22mainColor%22%3A%22rgb%28130%2C%2036%2C%20227%29%22%2C%22apiUrl%22%3A%22https%3A%5C%2F%5C%2Fresidencialasvioletas.cl%5C%2Findex.php%3Frest_route%3D%5C%2Felfsight-contact-form%5C%2Fapi%22%2C%22recaptchaKeyCheckbox%22%3A%226LfXGHgUAAAAAHNIE_EH7kEI1l4xvf_ynIlg5bfo%22%2C%22recaptchaKeyInvisible%22%3A%226Ld1CXgUAAAAAFTHmixC1Eo-NP7_3ddB1YOj9AfX%22%2C%22widgetId%22%3A%221%22%7D\" \n                data-elfsight-contact-form-version=\"2.3.1\"\n                data-elfsight-widget-id=\"elfsight-contact-form-1\">\n            <\/div>\n            [\/vc_column][\/vc_row]<\/p>\n<\/div>","protected":false},"excerpt":{"rendered":"<p>[vc_row css=&#8221;.vc_custom_1716418834025{margin-bottom: 4vw !important;}&#8221; el_id=&#8221;inicio&#8221; _et_uniqid=&#8221;et_custom_uniqid_new_664e78f7d8478&#8243;][vc_column][\/vc_column][\/vc_row][vc_row content_placement=&#8221;middle&#8221; css=&#8221;.vc_custom_1716418845047{margin-bottom: 5vw !important;padding-bottom: 20px !important;}&#8221; el_id=&#8221;residencia&#8221; el_class=&#8221;section-services&#8221; _et_uniqid=&#8221;et_custom_uniqid_new_664e7915ad3e7&#8243;][vc_column css_animation=&#8221;none&#8221; width=&#8221;1\/2&#8243;][vc_single_image image=&#8221;136&#8243; img_size=&#8221;full&#8221; css=&#8221;.vc_custom_1506318639160{margin-bottom: 0px !important;margin-left: -45px !important;}&#8221; el_class=&#8221;img_fot-title&#8221;][vc_custom_heading&#8230;<\/p>\n","protected":false},"author":1,"featured_media":0,"parent":0,"menu_order":0,"comment_status":"closed","ping_status":"closed","template":"","meta":{"footnotes":""},"class_list":["post-115","page","type-page","status-publish","hentry"],"_links":{"self":[{"href":"https:\/\/residencialasvioletas.cl\/index.php?rest_route=\/wp\/v2\/pages\/115","targetHints":{"allow":["GET"]}}],"collection":[{"href":"https:\/\/residencialasvioletas.cl\/index.php?rest_route=\/wp\/v2\/pages"}],"about":[{"href":"https:\/\/residencialasvioletas.cl\/index.php?rest_route=\/wp\/v2\/types\/page"}],"author":[{"embeddable":true,"href":"https:\/\/residencialasvioletas.cl\/index.php?rest_route=\/wp\/v2\/users\/1"}],"replies":[{"embeddable":true,"href":"https:\/\/residencialasvioletas.cl\/index.php?rest_route=%2Fwp%2Fv2%2Fcomments&post=115"}],"version-history":[{"count":14,"href":"https:\/\/residencialasvioletas.cl\/index.php?rest_route=\/wp\/v2\/pages\/115\/revisions"}],"predecessor-version":[{"id":613,"href":"https:\/\/residencialasvioletas.cl\/index.php?rest_route=\/wp\/v2\/pages\/115\/revisions\/613"}],"wp:attachment":[{"href":"https:\/\/residencialasvioletas.cl\/index.php?rest_route=%2Fwp%2Fv2%2Fmedia&parent=115"}],"curies":[{"name":"wp","href":"https:\/\/api.w.org\/{rel}","templated":true}]}}